{"id":1353,"date":"2022-10-18T23:12:12","date_gmt":"2022-10-18T21:12:12","guid":{"rendered":"https:\/\/chaletsavoie.net\/?page_id=1353"},"modified":"2022-10-18T23:12:44","modified_gmt":"2022-10-18T21:12:44","slug":"around","status":"publish","type":"page","link":"https:\/\/chaletsavoie.net\/index.php\/fr\/around\/","title":{"rendered":"Around chalets"},"content":{"rendered":"\n<figure class=\"wp-block-gallery has-nested-images columns-default is-cropped wp-block-gallery-1 is-layout-flex wp-block-gallery-is-layout-flex\">\n<figure class=\"wp-block-image size-large\"><img loading=\"lazy\" decoding=\"async\" width=\"2560\" height=\"1707\" data-id=\"122\" src=\"https:\/\/chaletsavoie.net\/wp-content\/uploads\/2021\/09\/vue-aerienne-ferme-georgieres-chalets-heidi-scaled.jpg\" alt=\"Vue a\u00e9rienne sur la Ferme des Georgi\u00e8res et les chalets d'Heidi\" class=\"wp-image-122\" srcset=\"https:\/\/chaletsavoie.net\/wp-content\/uploads\/2021\/09\/vue-aerienne-ferme-georgieres-chalets-heidi-scaled.jpg 2560w, https:\/\/chaletsavoie.net\/wp-content\/uploads\/2021\/09\/vue-aerienne-ferme-georgieres-chalets-heidi-300x200.jpg 300w, https:\/\/chaletsavoie.net\/wp-content\/uploads\/2021\/09\/vue-aerienne-ferme-georgieres-chalets-heidi-1024x683.jpg 1024w, https:\/\/chaletsavoie.net\/wp-content\/uploads\/2021\/09\/vue-aerienne-ferme-georgieres-chalets-heidi-768x512.jpg 768w, https:\/\/chaletsavoie.net\/wp-content\/uploads\/2021\/09\/vue-aerienne-ferme-georgieres-chalets-heidi-1536x1024.jpg 1536w, https:\/\/chaletsavoie.net\/wp-content\/uploads\/2021\/09\/vue-aerienne-ferme-georgieres-chalets-heidi-2048x1365.jpg 2048w, https:\/\/chaletsavoie.net\/wp-content\/uploads\/2021\/09\/vue-aerienne-ferme-georgieres-chalets-heidi-90x60.jpg 90w\" sizes=\"auto, (max-width: 2560px) 100vw, 2560px\" \/><figcaption>La Ferme des Georgi\u00e8res and Heidi&rsquo;s chalets<\/figcaption><\/figure>\n\n\n\n<figure class=\"wp-block-image size-large\"><img loading=\"lazy\" decoding=\"async\" width=\"1300\" height=\"682\" data-id=\"236\" src=\"https:\/\/chaletsavoie.net\/wp-content\/uploads\/2021\/09\/panoramique-chalet-savoie-ski.jpg\" alt=\"Location chalet savoie, Les Chalets d'Heidi\" class=\"wp-image-236\" srcset=\"https:\/\/chaletsavoie.net\/wp-content\/uploads\/2021\/09\/panoramique-chalet-savoie-ski.jpg 1300w, https:\/\/chaletsavoie.net\/wp-content\/uploads\/2021\/09\/panoramique-chalet-savoie-ski-300x157.jpg 300w, https:\/\/chaletsavoie.net\/wp-content\/uploads\/2021\/09\/panoramique-chalet-savoie-ski-1024x537.jpg 1024w, https:\/\/chaletsavoie.net\/wp-content\/uploads\/2021\/09\/panoramique-chalet-savoie-ski-768x403.jpg 768w, https:\/\/chaletsavoie.net\/wp-content\/uploads\/2021\/09\/panoramique-chalet-savoie-ski-114x60.jpg 114w\" sizes=\"auto, (max-width: 1300px) 100vw, 1300px\" \/><figcaption>Heidi&rsquo;s chalets<\/figcaption><\/figure>\n\n\n\n<figure class=\"wp-block-image size-large\"><img loading=\"lazy\" decoding=\"async\" width=\"1300\" height=\"540\" data-id=\"93\" src=\"https:\/\/chaletsavoie.net\/wp-content\/uploads\/2021\/09\/panoramique-chalet-savoie-ete-e1665069813487.jpg\" alt=\"Vue panoramique sur les chalets d'Heidi\" class=\"wp-image-93\" srcset=\"https:\/\/chaletsavoie.net\/wp-content\/uploads\/2021\/09\/panoramique-chalet-savoie-ete-e1665069813487.jpg 1300w, https:\/\/chaletsavoie.net\/wp-content\/uploads\/2021\/09\/panoramique-chalet-savoie-ete-e1665069813487-300x125.jpg 300w, https:\/\/chaletsavoie.net\/wp-content\/uploads\/2021\/09\/panoramique-chalet-savoie-ete-e1665069813487-1024x425.jpg 1024w, https:\/\/chaletsavoie.net\/wp-content\/uploads\/2021\/09\/panoramique-chalet-savoie-ete-e1665069813487-768x319.jpg 768w, https:\/\/chaletsavoie.net\/wp-content\/uploads\/2021\/09\/panoramique-chalet-savoie-ete-e1665069813487-144x60.jpg 144w\" sizes=\"auto, (max-width: 1300px) 100vw, 1300px\" \/><figcaption>Panoramique vue<\/figcaption><\/figure>\n\n\n\n<figure class=\"wp-block-image size-large\"><img loading=\"lazy\" decoding=\"async\" width=\"1300\" height=\"975\" data-id=\"183\" src=\"https:\/\/chaletsavoie.net\/wp-content\/uploads\/2021\/09\/coucher-soleil-telesiege.jpg\" alt=\"Coucher de soleil et t\u00e9l\u00e9si\u00e8ge du Planay\" class=\"wp-image-183\" srcset=\"https:\/\/chaletsavoie.net\/wp-content\/uploads\/2021\/09\/coucher-soleil-telesiege.jpg 1300w, https:\/\/chaletsavoie.net\/wp-content\/uploads\/2021\/09\/coucher-soleil-telesiege-300x225.jpg 300w, https:\/\/chaletsavoie.net\/wp-content\/uploads\/2021\/09\/coucher-soleil-telesiege-1024x768.jpg 1024w, https:\/\/chaletsavoie.net\/wp-content\/uploads\/2021\/09\/coucher-soleil-telesiege-768x576.jpg 768w, https:\/\/chaletsavoie.net\/wp-content\/uploads\/2021\/09\/coucher-soleil-telesiege-80x60.jpg 80w\" sizes=\"auto, (max-width: 1300px) 100vw, 1300px\" \/><figcaption>Sunset and Planay chairlift  <\/figcaption><\/figure>\n\n\n\n<figure class=\"wp-block-image size-large\"><img loading=\"lazy\" decoding=\"async\" width=\"2016\" height=\"1512\" data-id=\"829\" src=\"https:\/\/chaletsavoie.net\/wp-content\/uploads\/2021\/12\/IMG_5172.jpg\" alt=\"Arriv\u00e9e T\u00e9l\u00e9si\u00e8ge Mont Rond\" class=\"wp-image-829\" srcset=\"https:\/\/chaletsavoie.net\/wp-content\/uploads\/2021\/12\/IMG_5172.jpg 2016w, https:\/\/chaletsavoie.net\/wp-content\/uploads\/2021\/12\/IMG_5172-300x225.jpg 300w, https:\/\/chaletsavoie.net\/wp-content\/uploads\/2021\/12\/IMG_5172-1024x768.jpg 1024w, https:\/\/chaletsavoie.net\/wp-content\/uploads\/2021\/12\/IMG_5172-768x576.jpg 768w, https:\/\/chaletsavoie.net\/wp-content\/uploads\/2021\/12\/IMG_5172-1536x1152.jpg 1536w, https:\/\/chaletsavoie.net\/wp-content\/uploads\/2021\/12\/IMG_5172-80x60.jpg 80w\" sizes=\"auto, (max-width: 2016px) 100vw, 2016px\" \/><figcaption>Arrival Mont Rond Chairlift<\/figcaption><\/figure>\n\n\n\n<figure class=\"wp-block-image size-large\"><img loading=\"lazy\" decoding=\"async\" width=\"2016\" height=\"1512\" data-id=\"830\" src=\"https:\/\/chaletsavoie.net\/wp-content\/uploads\/2021\/12\/IMG_5180.jpg\" alt=\"Arriv\u00e9e t\u00e9l\u00e9si\u00e8ge des Gueux\" class=\"wp-image-830\" srcset=\"https:\/\/chaletsavoie.net\/wp-content\/uploads\/2021\/12\/IMG_5180.jpg 2016w, https:\/\/chaletsavoie.net\/wp-content\/uploads\/2021\/12\/IMG_5180-300x225.jpg 300w, https:\/\/chaletsavoie.net\/wp-content\/uploads\/2021\/12\/IMG_5180-1024x768.jpg 1024w, https:\/\/chaletsavoie.net\/wp-content\/uploads\/2021\/12\/IMG_5180-768x576.jpg 768w, https:\/\/chaletsavoie.net\/wp-content\/uploads\/2021\/12\/IMG_5180-1536x1152.jpg 1536w, https:\/\/chaletsavoie.net\/wp-content\/uploads\/2021\/12\/IMG_5180-80x60.jpg 80w\" sizes=\"auto, (max-width: 2016px) 100vw, 2016px\" \/><figcaption>Arrival Gueux Chairlift<\/figcaption><\/figure>\n\n\n\n<figure class=\"wp-block-image size-large\"><img loading=\"lazy\" decoding=\"async\" width=\"1300\" height=\"975\" data-id=\"229\" src=\"https:\/\/chaletsavoie.net\/wp-content\/uploads\/2021\/09\/montgolfieres-chalet-savoie.jpg\" alt=\"Passage de Montgolfi\u00e8res\" class=\"wp-image-229\" srcset=\"https:\/\/chaletsavoie.net\/wp-content\/uploads\/2021\/09\/montgolfieres-chalet-savoie.jpg 1300w, https:\/\/chaletsavoie.net\/wp-content\/uploads\/2021\/09\/montgolfieres-chalet-savoie-300x225.jpg 300w, https:\/\/chaletsavoie.net\/wp-content\/uploads\/2021\/09\/montgolfieres-chalet-savoie-1024x768.jpg 1024w, https:\/\/chaletsavoie.net\/wp-content\/uploads\/2021\/09\/montgolfieres-chalet-savoie-768x576.jpg 768w, https:\/\/chaletsavoie.net\/wp-content\/uploads\/2021\/09\/montgolfieres-chalet-savoie-80x60.jpg 80w\" sizes=\"auto, (max-width: 1300px) 100vw, 1300px\" \/><figcaption>Hot air balloons<\/figcaption><\/figure>\n\n\n\n<figure class=\"wp-block-image size-large\"><img loading=\"lazy\" decoding=\"async\" width=\"1300\" height=\"853\" data-id=\"42\" src=\"https:\/\/chaletsavoie.net\/wp-content\/uploads\/2021\/09\/chalet11.jpg\" alt=\"Atterrissage de montgolfi\u00e8res en hiver\" class=\"wp-image-42\" srcset=\"https:\/\/chaletsavoie.net\/wp-content\/uploads\/2021\/09\/chalet11.jpg 1300w, https:\/\/chaletsavoie.net\/wp-content\/uploads\/2021\/09\/chalet11-300x197.jpg 300w, https:\/\/chaletsavoie.net\/wp-content\/uploads\/2021\/09\/chalet11-1024x672.jpg 1024w, https:\/\/chaletsavoie.net\/wp-content\/uploads\/2021\/09\/chalet11-768x504.jpg 768w, https:\/\/chaletsavoie.net\/wp-content\/uploads\/2021\/09\/chalet11-91x60.jpg 91w\" sizes=\"auto, (max-width: 1300px) 100vw, 1300px\" \/><figcaption>Hot air balloon landing <\/figcaption><\/figure>\n<\/figure>\n\n\n\n<figure class=\"wp-block-gallery has-nested-images columns-default is-cropped wp-block-gallery-2 is-layout-flex wp-block-gallery-is-layout-flex\">\n<figure class=\"wp-block-image size-large\"><img loading=\"lazy\" decoding=\"async\" width=\"1300\" height=\"731\" data-id=\"227\" src=\"https:\/\/chaletsavoie.net\/wp-content\/uploads\/2021\/09\/lever-soleil-hiver-aravis-chalet-savoie-1.jpg\" alt=\"Lever de soleil sur les Aravis\" class=\"wp-image-227\" srcset=\"https:\/\/chaletsavoie.net\/wp-content\/uploads\/2021\/09\/lever-soleil-hiver-aravis-chalet-savoie-1.jpg 1300w, https:\/\/chaletsavoie.net\/wp-content\/uploads\/2021\/09\/lever-soleil-hiver-aravis-chalet-savoie-1-300x170.jpg 300w, https:\/\/chaletsavoie.net\/wp-content\/uploads\/2021\/09\/lever-soleil-hiver-aravis-chalet-savoie-1-1024x576.jpg 1024w, https:\/\/chaletsavoie.net\/wp-content\/uploads\/2021\/09\/lever-soleil-hiver-aravis-chalet-savoie-1-768x432.jpg 768w, https:\/\/chaletsavoie.net\/wp-content\/uploads\/2021\/09\/lever-soleil-hiver-aravis-chalet-savoie-1-107x60.jpg 107w\" sizes=\"auto, (max-width: 1300px) 100vw, 1300px\" \/><figcaption>Sunrise over Aravis<\/figcaption><\/figure>\n\n\n\n<figure class=\"wp-block-image size-large\"><img loading=\"lazy\" decoding=\"async\" width=\"2016\" height=\"1134\" data-id=\"831\" src=\"https:\/\/chaletsavoie.net\/wp-content\/uploads\/2021\/12\/IMG_5133.jpg\" alt=\"30\/11\/2021: Lever de soleil sur les Aravis, les Chalets d'Heidi, Notre Dame de Bellecombe\" class=\"wp-image-831\" srcset=\"https:\/\/chaletsavoie.net\/wp-content\/uploads\/2021\/12\/IMG_5133.jpg 2016w, https:\/\/chaletsavoie.net\/wp-content\/uploads\/2021\/12\/IMG_5133-300x170.jpg 300w, https:\/\/chaletsavoie.net\/wp-content\/uploads\/2021\/12\/IMG_5133-1024x576.jpg 1024w, https:\/\/chaletsavoie.net\/wp-content\/uploads\/2021\/12\/IMG_5133-768x432.jpg 768w, https:\/\/chaletsavoie.net\/wp-content\/uploads\/2021\/12\/IMG_5133-1536x864.jpg 1536w, https:\/\/chaletsavoie.net\/wp-content\/uploads\/2021\/12\/IMG_5133-107x60.jpg 107w\" sizes=\"auto, (max-width: 2016px) 100vw, 2016px\" \/><figcaption>Sunrise over Aravis, <\/figcaption><\/figure>\n\n\n\n<figure class=\"wp-block-image size-large\"><img loading=\"lazy\" decoding=\"async\" width=\"1300\" height=\"731\" data-id=\"237\" src=\"https:\/\/chaletsavoie.net\/wp-content\/uploads\/2021\/09\/panoramique-chalet-savoie-vue-aravis.jpg\" alt=\"Vue depuis les Chalets d'Heidi\" class=\"wp-image-237\" srcset=\"https:\/\/chaletsavoie.net\/wp-content\/uploads\/2021\/09\/panoramique-chalet-savoie-vue-aravis.jpg 1300w, https:\/\/chaletsavoie.net\/wp-content\/uploads\/2021\/09\/panoramique-chalet-savoie-vue-aravis-300x170.jpg 300w, https:\/\/chaletsavoie.net\/wp-content\/uploads\/2021\/09\/panoramique-chalet-savoie-vue-aravis-1024x576.jpg 1024w, https:\/\/chaletsavoie.net\/wp-content\/uploads\/2021\/09\/panoramique-chalet-savoie-vue-aravis-768x432.jpg 768w, https:\/\/chaletsavoie.net\/wp-content\/uploads\/2021\/09\/panoramique-chalet-savoie-vue-aravis-107x60.jpg 107w\" sizes=\"auto, (max-width: 1300px) 100vw, 1300px\" \/><figcaption>Vue from Heidi&rsquo;s chalets<\/figcaption><\/figure>\n\n\n\n<figure class=\"wp-block-image size-large\"><img loading=\"lazy\" decoding=\"async\" width=\"1300\" height=\"731\" data-id=\"231\" src=\"https:\/\/chaletsavoie.net\/wp-content\/uploads\/2021\/09\/panoramique-automne-aravis-chalet-savoie.jpg\" alt=\"La chaine des Aravis en automne\" class=\"wp-image-231\" srcset=\"https:\/\/chaletsavoie.net\/wp-content\/uploads\/2021\/09\/panoramique-automne-aravis-chalet-savoie.jpg 1300w, https:\/\/chaletsavoie.net\/wp-content\/uploads\/2021\/09\/panoramique-automne-aravis-chalet-savoie-300x170.jpg 300w, https:\/\/chaletsavoie.net\/wp-content\/uploads\/2021\/09\/panoramique-automne-aravis-chalet-savoie-1024x576.jpg 1024w, https:\/\/chaletsavoie.net\/wp-content\/uploads\/2021\/09\/panoramique-automne-aravis-chalet-savoie-768x432.jpg 768w, https:\/\/chaletsavoie.net\/wp-content\/uploads\/2021\/09\/panoramique-automne-aravis-chalet-savoie-107x60.jpg 107w\" sizes=\"auto, (max-width: 1300px) 100vw, 1300px\" \/><figcaption>Aravis chain in automn<\/figcaption><\/figure>\n\n\n\n<figure class=\"wp-block-image size-large\"><img loading=\"lazy\" decoding=\"async\" width=\"1711\" height=\"853\" data-id=\"129\" src=\"https:\/\/chaletsavoie.net\/wp-content\/uploads\/2021\/09\/vue-ete-chalet-heidi.jpg\" alt=\"Vue sur la chaine des Aravis\" class=\"wp-image-129\" srcset=\"https:\/\/chaletsavoie.net\/wp-content\/uploads\/2021\/09\/vue-ete-chalet-heidi.jpg 1711w, https:\/\/chaletsavoie.net\/wp-content\/uploads\/2021\/09\/vue-ete-chalet-heidi-300x150.jpg 300w, https:\/\/chaletsavoie.net\/wp-content\/uploads\/2021\/09\/vue-ete-chalet-heidi-1024x511.jpg 1024w, https:\/\/chaletsavoie.net\/wp-content\/uploads\/2021\/09\/vue-ete-chalet-heidi-768x383.jpg 768w, https:\/\/chaletsavoie.net\/wp-content\/uploads\/2021\/09\/vue-ete-chalet-heidi-1536x766.jpg 1536w, https:\/\/chaletsavoie.net\/wp-content\/uploads\/2021\/09\/vue-ete-chalet-heidi-120x60.jpg 120w\" sizes=\"auto, (max-width: 1711px) 100vw, 1711px\" \/><figcaption>Summer vue from Heidi&rsquo;s chalets<\/figcaption><\/figure>\n\n\n\n<figure class=\"wp-block-image size-large\"><img loading=\"lazy\" decoding=\"async\" width=\"1300\" height=\"975\" data-id=\"266\" src=\"https:\/\/chaletsavoie.net\/wp-content\/uploads\/2021\/09\/randonnee-automne-vue-aravis.jpg\" alt=\"Randonn\u00e9e en automne au dessus des chalets d'Heidi\" class=\"wp-image-266\" srcset=\"https:\/\/chaletsavoie.net\/wp-content\/uploads\/2021\/09\/randonnee-automne-vue-aravis.jpg 1300w, https:\/\/chaletsavoie.net\/wp-content\/uploads\/2021\/09\/randonnee-automne-vue-aravis-300x225.jpg 300w, https:\/\/chaletsavoie.net\/wp-content\/uploads\/2021\/09\/randonnee-automne-vue-aravis-1024x768.jpg 1024w, https:\/\/chaletsavoie.net\/wp-content\/uploads\/2021\/09\/randonnee-automne-vue-aravis-768x576.jpg 768w, https:\/\/chaletsavoie.net\/wp-content\/uploads\/2021\/09\/randonnee-automne-vue-aravis-80x60.jpg 80w\" sizes=\"auto, (max-width: 1300px) 100vw, 1300px\" \/><figcaption>Hike in autumn<\/figcaption><\/figure>\n\n\n\n<figure class=\"wp-block-image size-large\"><img loading=\"lazy\" decoding=\"async\" width=\"975\" height=\"1300\" data-id=\"294\" src=\"https:\/\/chaletsavoie.net\/wp-content\/uploads\/2021\/09\/ski-randonee.jpg\" alt=\"Ski de randonn\u00e9e\" class=\"wp-image-294\" srcset=\"https:\/\/chaletsavoie.net\/wp-content\/uploads\/2021\/09\/ski-randonee.jpg 975w, https:\/\/chaletsavoie.net\/wp-content\/uploads\/2021\/09\/ski-randonee-225x300.jpg 225w, https:\/\/chaletsavoie.net\/wp-content\/uploads\/2021\/09\/ski-randonee-768x1024.jpg 768w, https:\/\/chaletsavoie.net\/wp-content\/uploads\/2021\/09\/ski-randonee-45x60.jpg 45w\" sizes=\"auto, (max-width: 975px) 100vw, 975px\" \/><figcaption>Ski touring in  ND de Bellecombe<\/figcaption><\/figure>\n\n\n\n<figure class=\"wp-block-image size-large\"><img loading=\"lazy\" decoding=\"async\" width=\"975\" height=\"1300\" data-id=\"268\" src=\"https:\/\/chaletsavoie.net\/wp-content\/uploads\/2021\/09\/randonnee-hiver-chemin-pieton.jpg\" alt=\"Chemin de randonn\u00e9e \u00e0 500m des chalets\" class=\"wp-image-268\" srcset=\"https:\/\/chaletsavoie.net\/wp-content\/uploads\/2021\/09\/randonnee-hiver-chemin-pieton.jpg 975w, https:\/\/chaletsavoie.net\/wp-content\/uploads\/2021\/09\/randonnee-hiver-chemin-pieton-225x300.jpg 225w, https:\/\/chaletsavoie.net\/wp-content\/uploads\/2021\/09\/randonnee-hiver-chemin-pieton-768x1024.jpg 768w, https:\/\/chaletsavoie.net\/wp-content\/uploads\/2021\/09\/randonnee-hiver-chemin-pieton-45x60.jpg 45w\" sizes=\"auto, (max-width: 975px) 100vw, 975px\" \/><figcaption> 500 meters from chalets<\/figcaption><\/figure>\n\n\n\n<figure class=\"wp-block-image size-large\"><img loading=\"lazy\" decoding=\"async\" width=\"1300\" height=\"975\" data-id=\"226\" src=\"https:\/\/chaletsavoie.net\/wp-content\/uploads\/2021\/09\/lac-vores-randonnee-ete-mont-blanc.jpg\" alt=\"Vue Mont Blanc depuis le Vores\" class=\"wp-image-226\" srcset=\"https:\/\/chaletsavoie.net\/wp-content\/uploads\/2021\/09\/lac-vores-randonnee-ete-mont-blanc.jpg 1300w, https:\/\/chaletsavoie.net\/wp-content\/uploads\/2021\/09\/lac-vores-randonnee-ete-mont-blanc-300x225.jpg 300w, https:\/\/chaletsavoie.net\/wp-content\/uploads\/2021\/09\/lac-vores-randonnee-ete-mont-blanc-1024x768.jpg 1024w, https:\/\/chaletsavoie.net\/wp-content\/uploads\/2021\/09\/lac-vores-randonnee-ete-mont-blanc-768x576.jpg 768w, https:\/\/chaletsavoie.net\/wp-content\/uploads\/2021\/09\/lac-vores-randonnee-ete-mont-blanc-80x60.jpg 80w\" sizes=\"auto, (max-width: 1300px) 100vw, 1300px\" \/><figcaption>Vue  to Mont Blanc from Mont Vores<\/figcaption><\/figure>\n\n\n\n<figure class=\"wp-block-image size-large\"><img loading=\"lazy\" decoding=\"async\" width=\"1300\" height=\"430\" data-id=\"136\" src=\"https:\/\/chaletsavoie.net\/wp-content\/uploads\/2021\/09\/bandeau-panoramique-ete-randonnee-mont-blanc.jpg\" alt=\"Vue panoramique depuis le Cr\u00eat du Midi\" class=\"wp-image-136\" srcset=\"https:\/\/chaletsavoie.net\/wp-content\/uploads\/2021\/09\/bandeau-panoramique-ete-randonnee-mont-blanc.jpg 1300w, https:\/\/chaletsavoie.net\/wp-content\/uploads\/2021\/09\/bandeau-panoramique-ete-randonnee-mont-blanc-300x99.jpg 300w, https:\/\/chaletsavoie.net\/wp-content\/uploads\/2021\/09\/bandeau-panoramique-ete-randonnee-mont-blanc-1024x339.jpg 1024w, https:\/\/chaletsavoie.net\/wp-content\/uploads\/2021\/09\/bandeau-panoramique-ete-randonnee-mont-blanc-768x254.jpg 768w, https:\/\/chaletsavoie.net\/wp-content\/uploads\/2021\/09\/bandeau-panoramique-ete-randonnee-mont-blanc-181x60.jpg 181w\" sizes=\"auto, (max-width: 1300px) 100vw, 1300px\" \/><figcaption>Panoramic vue from Cr\u00eat du Midi<\/figcaption><\/figure>\n\n\n\n<figure class=\"wp-block-image size-large\"><img loading=\"lazy\" decoding=\"async\" width=\"1300\" height=\"731\" data-id=\"94\" src=\"https:\/\/chaletsavoie.net\/wp-content\/uploads\/2021\/09\/panoramique-sentiers-randonnee-hiver.jpg\" alt=\"Sentiers de randonn\u00e9e en hiver\" class=\"wp-image-94\" srcset=\"https:\/\/chaletsavoie.net\/wp-content\/uploads\/2021\/09\/panoramique-sentiers-randonnee-hiver.jpg 1300w, https:\/\/chaletsavoie.net\/wp-content\/uploads\/2021\/09\/panoramique-sentiers-randonnee-hiver-300x170.jpg 300w, https:\/\/chaletsavoie.net\/wp-content\/uploads\/2021\/09\/panoramique-sentiers-randonnee-hiver-1024x576.jpg 1024w, https:\/\/chaletsavoie.net\/wp-content\/uploads\/2021\/09\/panoramique-sentiers-randonnee-hiver-768x432.jpg 768w, https:\/\/chaletsavoie.net\/wp-content\/uploads\/2021\/09\/panoramique-sentiers-randonnee-hiver-107x60.jpg 107w\" sizes=\"auto, (max-width: 1300px) 100vw, 1300px\" \/><figcaption>Winter hiking trails<\/figcaption><\/figure>\n\n\n\n<figure class=\"wp-block-image size-large\"><img loading=\"lazy\" decoding=\"async\" width=\"2560\" height=\"1440\" data-id=\"838\" src=\"https:\/\/chaletsavoie.net\/wp-content\/uploads\/2022\/03\/IMG_5727-scaled.jpg\" alt=\"Heidi au ski et coucher de soleil depuis le la piste bleue\" class=\"wp-image-838\" srcset=\"https:\/\/chaletsavoie.net\/wp-content\/uploads\/2022\/03\/IMG_5727-scaled.jpg 2560w, https:\/\/chaletsavoie.net\/wp-content\/uploads\/2022\/03\/IMG_5727-300x170.jpg 300w, https:\/\/chaletsavoie.net\/wp-content\/uploads\/2022\/03\/IMG_5727-1024x576.jpg 1024w, https:\/\/chaletsavoie.net\/wp-content\/uploads\/2022\/03\/IMG_5727-768x432.jpg 768w, https:\/\/chaletsavoie.net\/wp-content\/uploads\/2022\/03\/IMG_5727-1536x864.jpg 1536w, https:\/\/chaletsavoie.net\/wp-content\/uploads\/2022\/03\/IMG_5727-2048x1152.jpg 2048w, https:\/\/chaletsavoie.net\/wp-content\/uploads\/2022\/03\/IMG_5727-107x60.jpg 107w\" sizes=\"auto, (max-width: 2560px) 100vw, 2560px\" \/><figcaption>Heidi skiing and sunset from the blue run <\/figcaption><\/figure>\n\n\n\n<figure class=\"wp-block-image size-large\"><img loading=\"lazy\" decoding=\"async\" width=\"1300\" height=\"975\" data-id=\"68\" src=\"https:\/\/chaletsavoie.net\/wp-content\/uploads\/2021\/09\/Coucher-soleil-ski-hiver-1.jpg\" alt=\"Coucher de soleil sur les pistes de ski\" class=\"wp-image-68\" srcset=\"https:\/\/chaletsavoie.net\/wp-content\/uploads\/2021\/09\/Coucher-soleil-ski-hiver-1.jpg 1300w, https:\/\/chaletsavoie.net\/wp-content\/uploads\/2021\/09\/Coucher-soleil-ski-hiver-1-300x225.jpg 300w, https:\/\/chaletsavoie.net\/wp-content\/uploads\/2021\/09\/Coucher-soleil-ski-hiver-1-1024x768.jpg 1024w, https:\/\/chaletsavoie.net\/wp-content\/uploads\/2021\/09\/Coucher-soleil-ski-hiver-1-768x576.jpg 768w, https:\/\/chaletsavoie.net\/wp-content\/uploads\/2021\/09\/Coucher-soleil-ski-hiver-1-80x60.jpg 80w\" sizes=\"auto, (max-width: 1300px) 100vw, 1300px\" \/><figcaption>Sunset on the ski slopes <\/figcaption><\/figure>\n\n\n\n<figure class=\"wp-block-image size-large\"><img loading=\"lazy\" decoding=\"async\" width=\"1300\" height=\"731\" data-id=\"253\" src=\"https:\/\/chaletsavoie.net\/wp-content\/uploads\/2021\/09\/panoramique-ski-lachat.jpg\" alt=\"Vue sur le Lachat depuis les pistes du Mont Rond\" class=\"wp-image-253\" srcset=\"https:\/\/chaletsavoie.net\/wp-content\/uploads\/2021\/09\/panoramique-ski-lachat.jpg 1300w, https:\/\/chaletsavoie.net\/wp-content\/uploads\/2021\/09\/panoramique-ski-lachat-300x170.jpg 300w, https:\/\/chaletsavoie.net\/wp-content\/uploads\/2021\/09\/panoramique-ski-lachat-1024x576.jpg 1024w, https:\/\/chaletsavoie.net\/wp-content\/uploads\/2021\/09\/panoramique-ski-lachat-768x432.jpg 768w, https:\/\/chaletsavoie.net\/wp-content\/uploads\/2021\/09\/panoramique-ski-lachat-107x60.jpg 107w\" sizes=\"auto, (max-width: 1300px) 100vw, 1300px\" \/><figcaption>Vue to Lachat from ski slopes<\/figcaption><\/figure>\n\n\n\n<figure class=\"wp-block-image size-large\"><img loading=\"lazy\" decoding=\"async\" width=\"1300\" height=\"731\" data-id=\"252\" src=\"https:\/\/chaletsavoie.net\/wp-content\/uploads\/2021\/09\/panoramique-ski-cret-midi.jpg\" alt=\"Le Cr\u00eat du Midi\" class=\"wp-image-252\" srcset=\"https:\/\/chaletsavoie.net\/wp-content\/uploads\/2021\/09\/panoramique-ski-cret-midi.jpg 1300w, https:\/\/chaletsavoie.net\/wp-content\/uploads\/2021\/09\/panoramique-ski-cret-midi-300x170.jpg 300w, https:\/\/chaletsavoie.net\/wp-content\/uploads\/2021\/09\/panoramique-ski-cret-midi-1024x576.jpg 1024w, https:\/\/chaletsavoie.net\/wp-content\/uploads\/2021\/09\/panoramique-ski-cret-midi-768x432.jpg 768w, https:\/\/chaletsavoie.net\/wp-content\/uploads\/2021\/09\/panoramique-ski-cret-midi-107x60.jpg 107w\" sizes=\"auto, (max-width: 1300px) 100vw, 1300px\" \/><figcaption> Cr\u00eat du Midi<\/figcaption><\/figure>\n\n\n\n<figure class=\"wp-block-image size-large\"><img loading=\"lazy\" decoding=\"async\" width=\"1300\" height=\"731\" data-id=\"241\" src=\"https:\/\/chaletsavoie.net\/wp-content\/uploads\/2021\/09\/panoramique-depart-pistes-chalet-savoie.jpg\" alt=\"D\u00e9part des Pistes, \u00e0 350m\" class=\"wp-image-241\" srcset=\"https:\/\/chaletsavoie.net\/wp-content\/uploads\/2021\/09\/panoramique-depart-pistes-chalet-savoie.jpg 1300w, https:\/\/chaletsavoie.net\/wp-content\/uploads\/2021\/09\/panoramique-depart-pistes-chalet-savoie-300x170.jpg 300w, https:\/\/chaletsavoie.net\/wp-content\/uploads\/2021\/09\/panoramique-depart-pistes-chalet-savoie-1024x576.jpg 1024w, https:\/\/chaletsavoie.net\/wp-content\/uploads\/2021\/09\/panoramique-depart-pistes-chalet-savoie-768x432.jpg 768w, https:\/\/chaletsavoie.net\/wp-content\/uploads\/2021\/09\/panoramique-depart-pistes-chalet-savoie-107x60.jpg 107w\" sizes=\"auto, (max-width: 1300px) 100vw, 1300px\" \/><figcaption>Departure from the slopes, 350m away<\/figcaption><\/figure>\n\n\n\n<figure class=\"wp-block-image size-large\"><img loading=\"lazy\" decoding=\"async\" width=\"1300\" height=\"731\" data-id=\"243\" src=\"https:\/\/chaletsavoie.net\/wp-content\/uploads\/2021\/09\/panoramique-front-neigr-mont-rond.jpg\" alt=\"D\u00e9part pistes du Mont Rond \u00e0 350m des chalets\" class=\"wp-image-243\" srcset=\"https:\/\/chaletsavoie.net\/wp-content\/uploads\/2021\/09\/panoramique-front-neigr-mont-rond.jpg 1300w, https:\/\/chaletsavoie.net\/wp-content\/uploads\/2021\/09\/panoramique-front-neigr-mont-rond-300x170.jpg 300w, https:\/\/chaletsavoie.net\/wp-content\/uploads\/2021\/09\/panoramique-front-neigr-mont-rond-1024x576.jpg 1024w, https:\/\/chaletsavoie.net\/wp-content\/uploads\/2021\/09\/panoramique-front-neigr-mont-rond-768x432.jpg 768w, https:\/\/chaletsavoie.net\/wp-content\/uploads\/2021\/09\/panoramique-front-neigr-mont-rond-107x60.jpg 107w\" sizes=\"auto, (max-width: 1300px) 100vw, 1300px\" \/><figcaption>Mont Rond departure<\/figcaption><\/figure>\n\n\n\n<figure class=\"wp-block-image size-large\"><img loading=\"lazy\" decoding=\"async\" width=\"975\" height=\"1300\" data-id=\"295\" src=\"https:\/\/chaletsavoie.net\/wp-content\/uploads\/2021\/09\/sorbier-sous-neige.jpg\" alt=\"Sorbier sous la neige, route du coin\" class=\"wp-image-295\" srcset=\"https:\/\/chaletsavoie.net\/wp-content\/uploads\/2021\/09\/sorbier-sous-neige.jpg 975w, https:\/\/chaletsavoie.net\/wp-content\/uploads\/2021\/09\/sorbier-sous-neige-225x300.jpg 225w, https:\/\/chaletsavoie.net\/wp-content\/uploads\/2021\/09\/sorbier-sous-neige-768x1024.jpg 768w, https:\/\/chaletsavoie.net\/wp-content\/uploads\/2021\/09\/sorbier-sous-neige-45x60.jpg 45w\" sizes=\"auto, (max-width: 975px) 100vw, 975px\" \/><figcaption>Mountain ash under the snow,, route du coin<\/figcaption><\/figure>\n\n\n\n<figure class=\"wp-block-image size-large\"><img loading=\"lazy\" decoding=\"async\" width=\"975\" height=\"1300\" data-id=\"270\" src=\"https:\/\/chaletsavoie.net\/wp-content\/uploads\/2021\/09\/route-coin-chalet-savoie.jpg\" alt=\"La route du coin, pour acc\u00e9der aux chalets\" class=\"wp-image-270\" srcset=\"https:\/\/chaletsavoie.net\/wp-content\/uploads\/2021\/09\/route-coin-chalet-savoie.jpg 975w, https:\/\/chaletsavoie.net\/wp-content\/uploads\/2021\/09\/route-coin-chalet-savoie-225x300.jpg 225w, https:\/\/chaletsavoie.net\/wp-content\/uploads\/2021\/09\/route-coin-chalet-savoie-768x1024.jpg 768w, https:\/\/chaletsavoie.net\/wp-content\/uploads\/2021\/09\/route-coin-chalet-savoie-45x60.jpg 45w\" sizes=\"auto, (max-width: 975px) 100vw, 975px\" \/><figcaption>The local road, access between the chalets and the ski lifts<\/figcaption><\/figure>\n<\/figure>\n\n\n\n<figure class=\"wp-block-gallery has-nested-images columns-default is-cropped wp-block-gallery-3 is-layout-flex wp-block-gallery-is-layout-flex\">\n<figure class=\"wp-block-image size-large\"><img loading=\"lazy\" decoding=\"async\" width=\"1300\" height=\"853\" data-id=\"152\" src=\"https:\/\/chaletsavoie.net\/wp-content\/uploads\/2021\/09\/chalets-automne.jpg\" alt=\"Les chalets en automne\" class=\"wp-image-152\" srcset=\"https:\/\/chaletsavoie.net\/wp-content\/uploads\/2021\/09\/chalets-automne.jpg 1300w, https:\/\/chaletsavoie.net\/wp-content\/uploads\/2021\/09\/chalets-automne-300x197.jpg 300w, https:\/\/chaletsavoie.net\/wp-content\/uploads\/2021\/09\/chalets-automne-1024x672.jpg 1024w, https:\/\/chaletsavoie.net\/wp-content\/uploads\/2021\/09\/chalets-automne-768x504.jpg 768w, https:\/\/chaletsavoie.net\/wp-content\/uploads\/2021\/09\/chalets-automne-91x60.jpg 91w\" sizes=\"auto, (max-width: 1300px) 100vw, 1300px\" \/><figcaption>Les chalets in autumn<\/figcaption><\/figure>\n\n\n\n<figure class=\"wp-block-image size-large\"><img loading=\"lazy\" decoding=\"async\" width=\"1300\" height=\"975\" data-id=\"66\" src=\"https:\/\/chaletsavoie.net\/wp-content\/uploads\/2021\/09\/coucher-soleil-automne-chalet-savoie.jpg\" alt=\"Coucher soleil en automne\" class=\"wp-image-66\" srcset=\"https:\/\/chaletsavoie.net\/wp-content\/uploads\/2021\/09\/coucher-soleil-automne-chalet-savoie.jpg 1300w, https:\/\/chaletsavoie.net\/wp-content\/uploads\/2021\/09\/coucher-soleil-automne-chalet-savoie-300x225.jpg 300w, https:\/\/chaletsavoie.net\/wp-content\/uploads\/2021\/09\/coucher-soleil-automne-chalet-savoie-1024x768.jpg 1024w, https:\/\/chaletsavoie.net\/wp-content\/uploads\/2021\/09\/coucher-soleil-automne-chalet-savoie-768x576.jpg 768w, https:\/\/chaletsavoie.net\/wp-content\/uploads\/2021\/09\/coucher-soleil-automne-chalet-savoie-80x60.jpg 80w\" sizes=\"auto, (max-width: 1300px) 100vw, 1300px\" \/><figcaption>sunset in autumn<\/figcaption><\/figure>\n\n\n\n<figure class=\"wp-block-image size-large\"><img loading=\"lazy\" decoding=\"async\" width=\"2560\" height=\"1105\" data-id=\"1144\" src=\"https:\/\/chaletsavoie.net\/wp-content\/uploads\/2022\/10\/IMG_E6680-scaled.jpg\" alt=\"\" class=\"wp-image-1144\" srcset=\"https:\/\/chaletsavoie.net\/wp-content\/uploads\/2022\/10\/IMG_E6680-scaled.jpg 2560w, https:\/\/chaletsavoie.net\/wp-content\/uploads\/2022\/10\/IMG_E6680-300x130.jpg 300w, https:\/\/chaletsavoie.net\/wp-content\/uploads\/2022\/10\/IMG_E6680-1024x442.jpg 1024w, https:\/\/chaletsavoie.net\/wp-content\/uploads\/2022\/10\/IMG_E6680-768x332.jpg 768w, https:\/\/chaletsavoie.net\/wp-content\/uploads\/2022\/10\/IMG_E6680-1536x663.jpg 1536w, https:\/\/chaletsavoie.net\/wp-content\/uploads\/2022\/10\/IMG_E6680-2048x884.jpg 2048w, https:\/\/chaletsavoie.net\/wp-content\/uploads\/2022\/10\/IMG_E6680-139x60.jpg 139w\" sizes=\"auto, (max-width: 2560px) 100vw, 2560px\" \/><figcaption>Vue to Lachat<\/figcaption><\/figure>\n\n\n\n<figure class=\"wp-block-image size-large\"><img loading=\"lazy\" decoding=\"async\" width=\"1300\" height=\"731\" data-id=\"239\" src=\"https:\/\/chaletsavoie.net\/wp-content\/uploads\/2021\/09\/panoramique-coucher-soleil-aravis-ete.jpg\" alt=\"Coucher de soleil en \u00e9t\u00e9\" class=\"wp-image-239\" srcset=\"https:\/\/chaletsavoie.net\/wp-content\/uploads\/2021\/09\/panoramique-coucher-soleil-aravis-ete.jpg 1300w, https:\/\/chaletsavoie.net\/wp-content\/uploads\/2021\/09\/panoramique-coucher-soleil-aravis-ete-300x170.jpg 300w, https:\/\/chaletsavoie.net\/wp-content\/uploads\/2021\/09\/panoramique-coucher-soleil-aravis-ete-1024x576.jpg 1024w, https:\/\/chaletsavoie.net\/wp-content\/uploads\/2021\/09\/panoramique-coucher-soleil-aravis-ete-768x432.jpg 768w, https:\/\/chaletsavoie.net\/wp-content\/uploads\/2021\/09\/panoramique-coucher-soleil-aravis-ete-107x60.jpg 107w\" sizes=\"auto, (max-width: 1300px) 100vw, 1300px\" \/><figcaption>Sunset in summer<\/figcaption><\/figure>\n\n\n\n<figure class=\"wp-block-image size-large\"><img loading=\"lazy\" decoding=\"async\" width=\"1300\" height=\"975\" data-id=\"297\" src=\"https:\/\/chaletsavoie.net\/wp-content\/uploads\/2021\/09\/tempete-sable-chalet-savoie.jpg\" alt=\"Temp\u00eate de sable\" class=\"wp-image-297\" srcset=\"https:\/\/chaletsavoie.net\/wp-content\/uploads\/2021\/09\/tempete-sable-chalet-savoie.jpg 1300w, https:\/\/chaletsavoie.net\/wp-content\/uploads\/2021\/09\/tempete-sable-chalet-savoie-300x225.jpg 300w, https:\/\/chaletsavoie.net\/wp-content\/uploads\/2021\/09\/tempete-sable-chalet-savoie-1024x768.jpg 1024w, https:\/\/chaletsavoie.net\/wp-content\/uploads\/2021\/09\/tempete-sable-chalet-savoie-768x576.jpg 768w, https:\/\/chaletsavoie.net\/wp-content\/uploads\/2021\/09\/tempete-sable-chalet-savoie-80x60.jpg 80w\" sizes=\"auto, (max-width: 1300px) 100vw, 1300px\" \/><figcaption>Sandstorm\u2026!<\/figcaption><\/figure>\n\n\n\n<figure class=\"wp-block-image size-large\"><img loading=\"lazy\" decoding=\"async\" width=\"1300\" height=\"975\" data-id=\"267\" src=\"https:\/\/chaletsavoie.net\/wp-content\/uploads\/2021\/09\/randonnee-ete-charvin.jpg\" alt=\"Randonn\u00e9e et vue sur le Mont Charvin\" class=\"wp-image-267\" srcset=\"https:\/\/chaletsavoie.net\/wp-content\/uploads\/2021\/09\/randonnee-ete-charvin.jpg 1300w, https:\/\/chaletsavoie.net\/wp-content\/uploads\/2021\/09\/randonnee-ete-charvin-300x225.jpg 300w, https:\/\/chaletsavoie.net\/wp-content\/uploads\/2021\/09\/randonnee-ete-charvin-1024x768.jpg 1024w, https:\/\/chaletsavoie.net\/wp-content\/uploads\/2021\/09\/randonnee-ete-charvin-768x576.jpg 768w, https:\/\/chaletsavoie.net\/wp-content\/uploads\/2021\/09\/randonnee-ete-charvin-80x60.jpg 80w\" sizes=\"auto, (max-width: 1300px) 100vw, 1300px\" \/><figcaption>Hiking and view to Mont Charvin<\/figcaption><\/figure>\n<\/figure>\n","protected":false},"excerpt":{"rendered":"","protected":false},"author":1,"featured_media":0,"parent":0,"menu_order":0,"comment_status":"closed","ping_status":"closed","template":"","meta":{"footnotes":""},"class_list":["post-1353","page","type-page","status-publish","hentry"],"yoast_head":"<!-- This site is optimized with the Yoast SEO plugin v27.5 - https:\/\/yoast.com\/product\/yoast-seo-wordpress\/ -->\n<title>Around chalets - Chaletsavoie.net : Locations de chalets et appartements<\/title>\n<meta name=\"robots\" content=\"index, follow, max-snippet:-1, max-image-preview:large, max-video-preview:-1\" \/>\n<link rel=\"canonical\" href=\"https:\/\/chaletsavoie.net\/index.php\/fr\/around\/\" \/>\n<meta property=\"og:locale\" content=\"fr_FR\" \/>\n<meta property=\"og:type\" content=\"article\" \/>\n<meta property=\"og:title\" content=\"Around chalets - Chaletsavoie.net : Locations de chalets et appartements\" \/>\n<meta property=\"og:url\" content=\"https:\/\/chaletsavoie.net\/index.php\/fr\/around\/\" \/>\n<meta property=\"og:site_name\" content=\"Chaletsavoie.net : Locations de chalets et appartements\" \/>\n<meta property=\"article:modified_time\" content=\"2022-10-18T21:12:44+00:00\" \/>\n<meta property=\"og:image\" content=\"https:\/\/chaletsavoie.net\/wp-content\/uploads\/2021\/09\/vue-aerienne-ferme-georgieres-chalets-heidi-scaled.jpg\" \/>\n<meta name=\"twitter:card\" content=\"summary_large_image\" \/>\n<meta name=\"twitter:label1\" content=\"Dur\u00e9e de lecture estim\u00e9e\" \/>\n\t<meta name=\"twitter:data1\" content=\"8 minutes\" \/>\n<script type=\"application\/ld+json\" class=\"yoast-schema-graph\">{\"@context\":\"https:\\\/\\\/schema.org\",\"@graph\":[{\"@type\":\"WebPage\",\"@id\":\"https:\\\/\\\/chaletsavoie.net\\\/index.php\\\/fr\\\/around\\\/\",\"url\":\"https:\\\/\\\/chaletsavoie.net\\\/index.php\\\/fr\\\/around\\\/\",\"name\":\"Around chalets - Chaletsavoie.net : Locations de chalets et appartements\",\"isPartOf\":{\"@id\":\"https:\\\/\\\/chaletsavoie.net\\\/#website\"},\"primaryImageOfPage\":{\"@id\":\"https:\\\/\\\/chaletsavoie.net\\\/index.php\\\/fr\\\/around\\\/#primaryimage\"},\"image\":{\"@id\":\"https:\\\/\\\/chaletsavoie.net\\\/index.php\\\/fr\\\/around\\\/#primaryimage\"},\"thumbnailUrl\":\"https:\\\/\\\/chaletsavoie.net\\\/wp-content\\\/uploads\\\/2021\\\/09\\\/vue-aerienne-ferme-georgieres-chalets-heidi-scaled.jpg\",\"datePublished\":\"2022-10-18T21:12:12+00:00\",\"dateModified\":\"2022-10-18T21:12:44+00:00\",\"breadcrumb\":{\"@id\":\"https:\\\/\\\/chaletsavoie.net\\\/index.php\\\/fr\\\/around\\\/#breadcrumb\"},\"inLanguage\":\"fr-FR\",\"potentialAction\":[{\"@type\":\"ReadAction\",\"target\":[\"https:\\\/\\\/chaletsavoie.net\\\/index.php\\\/fr\\\/around\\\/\"]}]},{\"@type\":\"ImageObject\",\"inLanguage\":\"fr-FR\",\"@id\":\"https:\\\/\\\/chaletsavoie.net\\\/index.php\\\/fr\\\/around\\\/#primaryimage\",\"url\":\"https:\\\/\\\/chaletsavoie.net\\\/wp-content\\\/uploads\\\/2021\\\/09\\\/vue-aerienne-ferme-georgieres-chalets-heidi-scaled.jpg\",\"contentUrl\":\"https:\\\/\\\/chaletsavoie.net\\\/wp-content\\\/uploads\\\/2021\\\/09\\\/vue-aerienne-ferme-georgieres-chalets-heidi-scaled.jpg\",\"width\":2560,\"height\":1707,\"caption\":\"La Ferme des Georgi\u00e8res et les chalets d'Heidi.\"},{\"@type\":\"BreadcrumbList\",\"@id\":\"https:\\\/\\\/chaletsavoie.net\\\/index.php\\\/fr\\\/around\\\/#breadcrumb\",\"itemListElement\":[{\"@type\":\"ListItem\",\"position\":1,\"name\":\"Accueil\",\"item\":\"https:\\\/\\\/www.chaletsavoie.net\\\/index.php\\\/fr\\\/\"},{\"@type\":\"ListItem\",\"position\":2,\"name\":\"Around chalets\"}]},{\"@type\":\"WebSite\",\"@id\":\"https:\\\/\\\/chaletsavoie.net\\\/#website\",\"url\":\"https:\\\/\\\/chaletsavoie.net\\\/\",\"name\":\"Chaletsavoie : Locations de chalets et appartements\",\"description\":\"Pour les vacances, Chalets et appartements \u00e0 louer en Savoie, \u00e0 ND de Bellecombe, au coeur de l&#039;Espace Diamant\",\"publisher\":{\"@id\":\"https:\\\/\\\/chaletsavoie.net\\\/#organization\"},\"potentialAction\":[{\"@type\":\"SearchAction\",\"target\":{\"@type\":\"EntryPoint\",\"urlTemplate\":\"https:\\\/\\\/chaletsavoie.net\\\/?s={search_term_string}\"},\"query-input\":{\"@type\":\"PropertyValueSpecification\",\"valueRequired\":true,\"valueName\":\"search_term_string\"}}],\"inLanguage\":\"fr-FR\"},{\"@type\":\"Organization\",\"@id\":\"https:\\\/\\\/chaletsavoie.net\\\/#organization\",\"name\":\"Chaletsavoie : Locations de chalets et appartements\",\"url\":\"https:\\\/\\\/chaletsavoie.net\\\/\",\"logo\":{\"@type\":\"ImageObject\",\"inLanguage\":\"fr-FR\",\"@id\":\"https:\\\/\\\/chaletsavoie.net\\\/#\\\/schema\\\/logo\\\/image\\\/\",\"url\":\"https:\\\/\\\/chaletsavoie.net\\\/wp-content\\\/uploads\\\/2022\\\/10\\\/vue-aerienne-chalets-heidi-2.jpg\",\"contentUrl\":\"https:\\\/\\\/chaletsavoie.net\\\/wp-content\\\/uploads\\\/2022\\\/10\\\/vue-aerienne-chalets-heidi-2.jpg\",\"width\":1680,\"height\":705,\"caption\":\"Chaletsavoie : Locations de chalets et appartements\"},\"image\":{\"@id\":\"https:\\\/\\\/chaletsavoie.net\\\/#\\\/schema\\\/logo\\\/image\\\/\"}}]}<\/script>\n<!-- \/ Yoast SEO plugin. -->","yoast_head_json":{"title":"Around chalets - Chaletsavoie.net : Locations de chalets et appartements","robots":{"index":"index","follow":"follow","max-snippet":"max-snippet:-1","max-image-preview":"max-image-preview:large","max-video-preview":"max-video-preview:-1"},"canonical":"https:\/\/chaletsavoie.net\/index.php\/fr\/around\/","og_locale":"fr_FR","og_type":"article","og_title":"Around chalets - Chaletsavoie.net : Locations de chalets et appartements","og_url":"https:\/\/chaletsavoie.net\/index.php\/fr\/around\/","og_site_name":"Chaletsavoie.net : Locations de chalets et appartements","article_modified_time":"2022-10-18T21:12:44+00:00","og_image":[{"url":"https:\/\/chaletsavoie.net\/wp-content\/uploads\/2021\/09\/vue-aerienne-ferme-georgieres-chalets-heidi-scaled.jpg","type":"","width":"","height":""}],"twitter_card":"summary_large_image","twitter_misc":{"Dur\u00e9e de lecture estim\u00e9e":"8 minutes"},"schema":{"@context":"https:\/\/schema.org","@graph":[{"@type":"WebPage","@id":"https:\/\/chaletsavoie.net\/index.php\/fr\/around\/","url":"https:\/\/chaletsavoie.net\/index.php\/fr\/around\/","name":"Around chalets - Chaletsavoie.net : Locations de chalets et appartements","isPartOf":{"@id":"https:\/\/chaletsavoie.net\/#website"},"primaryImageOfPage":{"@id":"https:\/\/chaletsavoie.net\/index.php\/fr\/around\/#primaryimage"},"image":{"@id":"https:\/\/chaletsavoie.net\/index.php\/fr\/around\/#primaryimage"},"thumbnailUrl":"https:\/\/chaletsavoie.net\/wp-content\/uploads\/2021\/09\/vue-aerienne-ferme-georgieres-chalets-heidi-scaled.jpg","datePublished":"2022-10-18T21:12:12+00:00","dateModified":"2022-10-18T21:12:44+00:00","breadcrumb":{"@id":"https:\/\/chaletsavoie.net\/index.php\/fr\/around\/#breadcrumb"},"inLanguage":"fr-FR","potentialAction":[{"@type":"ReadAction","target":["https:\/\/chaletsavoie.net\/index.php\/fr\/around\/"]}]},{"@type":"ImageObject","inLanguage":"fr-FR","@id":"https:\/\/chaletsavoie.net\/index.php\/fr\/around\/#primaryimage","url":"https:\/\/chaletsavoie.net\/wp-content\/uploads\/2021\/09\/vue-aerienne-ferme-georgieres-chalets-heidi-scaled.jpg","contentUrl":"https:\/\/chaletsavoie.net\/wp-content\/uploads\/2021\/09\/vue-aerienne-ferme-georgieres-chalets-heidi-scaled.jpg","width":2560,"height":1707,"caption":"La Ferme des Georgi\u00e8res et les chalets d'Heidi."},{"@type":"BreadcrumbList","@id":"https:\/\/chaletsavoie.net\/index.php\/fr\/around\/#breadcrumb","itemListElement":[{"@type":"ListItem","position":1,"name":"Accueil","item":"https:\/\/www.chaletsavoie.net\/index.php\/fr\/"},{"@type":"ListItem","position":2,"name":"Around chalets"}]},{"@type":"WebSite","@id":"https:\/\/chaletsavoie.net\/#website","url":"https:\/\/chaletsavoie.net\/","name":"Chaletsavoie : Locations de chalets et appartements","description":"Pour les vacances, Chalets et appartements \u00e0 louer en Savoie, \u00e0 ND de Bellecombe, au coeur de l&#039;Espace Diamant","publisher":{"@id":"https:\/\/chaletsavoie.net\/#organization"},"potentialAction":[{"@type":"SearchAction","target":{"@type":"EntryPoint","urlTemplate":"https:\/\/chaletsavoie.net\/?s={search_term_string}"},"query-input":{"@type":"PropertyValueSpecification","valueRequired":true,"valueName":"search_term_string"}}],"inLanguage":"fr-FR"},{"@type":"Organization","@id":"https:\/\/chaletsavoie.net\/#organization","name":"Chaletsavoie : Locations de chalets et appartements","url":"https:\/\/chaletsavoie.net\/","logo":{"@type":"ImageObject","inLanguage":"fr-FR","@id":"https:\/\/chaletsavoie.net\/#\/schema\/logo\/image\/","url":"https:\/\/chaletsavoie.net\/wp-content\/uploads\/2022\/10\/vue-aerienne-chalets-heidi-2.jpg","contentUrl":"https:\/\/chaletsavoie.net\/wp-content\/uploads\/2022\/10\/vue-aerienne-chalets-heidi-2.jpg","width":1680,"height":705,"caption":"Chaletsavoie : Locations de chalets et appartements"},"image":{"@id":"https:\/\/chaletsavoie.net\/#\/schema\/logo\/image\/"}}]}},"_links":{"self":[{"href":"https:\/\/chaletsavoie.net\/index.php\/wp-json\/wp\/v2\/pages\/1353","targetHints":{"allow":["GET"]}}],"collection":[{"href":"https:\/\/chaletsavoie.net\/index.php\/wp-json\/wp\/v2\/pages"}],"about":[{"href":"https:\/\/chaletsavoie.net\/index.php\/wp-json\/wp\/v2\/types\/page"}],"author":[{"embeddable":true,"href":"https:\/\/chaletsavoie.net\/index.php\/wp-json\/wp\/v2\/users\/1"}],"replies":[{"embeddable":true,"href":"https:\/\/chaletsavoie.net\/index.php\/wp-json\/wp\/v2\/comments?post=1353"}],"version-history":[{"count":2,"href":"https:\/\/chaletsavoie.net\/index.php\/wp-json\/wp\/v2\/pages\/1353\/revisions"}],"predecessor-version":[{"id":1356,"href":"https:\/\/chaletsavoie.net\/index.php\/wp-json\/wp\/v2\/pages\/1353\/revisions\/1356"}],"wp:attachment":[{"href":"https:\/\/chaletsavoie.net\/index.php\/wp-json\/wp\/v2\/media?parent=1353"}],"curies":[{"name":"wp","href":"https:\/\/api.w.org\/{rel}","templated":true}]}}